{"id":3529,"date":"2022-05-31T16:25:18","date_gmt":"2022-05-31T19:25:18","guid":{"rendered":"https:\/\/isfdyt25-bue.infd.edu.ar\/sitio\/?page_id=3529"},"modified":"2023-11-27T20:10:56","modified_gmt":"2023-11-27T23:10:56","slug":"bp-equipo","status":"publish","type":"page","link":"https:\/\/isfdyt25-bue.infd.edu.ar\/sitio\/bp-equipo\/","title":{"rendered":"BP Equipo"},"content":{"rendered":"<h5><span style=\"color: #999999;\"><strong>Biblioteca<\/strong><\/span><strong>: Proyecto Integrado <br \/><\/strong><\/h5>\n<hr \/>\n<h6><a href=\"https:\/\/isfdyt25-bue.infd.edu.ar\/sitio\/biblioteca\/\">Volver<\/a> \u0399 <a href=\"https:\/\/isfdyt25-bue.infd.edu.ar\/aula\/index.cgi?id_curso=355\">Aula INFoD<\/a> I <a href=\"https:\/\/sites.google.com\/view\/isfdyt25-biblioteca\/p%C3%A1gina-principal\/planes-de-estudio?authuser=0\">Planes de Estudios<\/a> \u0399 <a href=\"https:\/\/sites.google.com\/view\/isfdyt25-biblioteca\/p%C3%A1gina-principal\/programas-de-asignaturas\">Programas de Asignaturas<\/a> I <a href=\"https:\/\/sites.google.com\/view\/isfdyt25-biblioteca\/p%C3%A1gina-principal\/libros-digitalizados\/3-ciencias-sociales-educaci%C3%B3n\/dise%C3%B1os-curriculares?authuser=0\">Dise\u00f1os Curriculares<\/a> I<\/h6>\n<h4 class=\"h1 field field--name-field-titulo field--type-string field--label-hidden field__item\">\u201cBibliotecas Pedag\u00f3gicas\u201d<\/h4>\n<div class=\"field field--name-field-contenido field--type-entity-reference-revisions field--label-hidden field__items\">\n<div class=\"field__item\">\n<div class=\"paragraph paragraph--type--segundo-titulo-secundario paragraph--view-mode--default\">\n<p><strong>Para Institutos de Formaci\u00f3n Docente y Centros de Capacitaci\u00f3n, Informaci\u00f3n e Investigaci\u00f3n Educativa (CIIE).<\/strong><\/p>\n<\/div>\n<\/div>\n<div class=\"field__item\">\n<div class=\"paragraph paragraph--type--cuerpo-de-texto paragraph--view-mode--default\">\n<div class=\"clearfix text-formatted field field--name-field-cuerpo-de-texto field--type-text-long field--label-hidden field__item\">\n<p>El proyecto aborda diferentes ejes de la tarea: gesti\u00f3n de materiales y recursos en formatos papel y digital, estrategias de mediaci\u00f3n de lectura (conferencias, encuentros, talleres, ateneos, mesas de trabajo), articulaci\u00f3n con otra instituciones (ministerios y otros organismos gubernamentales y de investigaci\u00f3n, museos, editoriales universitarias, etc,), trabajo cooperativo en red con bibliotecas populares y comunitarias.<\/p>\n<\/div>\n<\/div>\n<\/div>\n<\/div>\n<p><strong><a href=\"https:\/\/isfdyt25-bue.infd.edu.ar\/sitio\/bibliotecas-pedagogicas\/\">Objetivos<\/a>\u00a0 I \u00a0<\/strong><strong>Equipo\u00a0 I\u00a0 <a href=\"https:\/\/isfdyt25-bue.infd.edu.ar\/sitio\/bp-conversatorio\/\">Conversatorio<\/a><\/strong><\/p>\n<div id=\"generate-section-2\" class=\"generate-sections-container\">\n<div class=\"grid-container grid-parent generate-sections-inside-container\">\n<div class=\"field field--name-field-contenido field--type-entity-reference-revisions field--label-hidden field__items\">\n<div class=\"field__item\">\n<div class=\"paragraph paragraph--type--cuerpo-de-texto paragraph--view-mode--default\">\n<div class=\"clearfix text-formatted field field--name-field-cuerpo-de-texto field--type-text-long field--label-hidden field__item\">\n<p><strong class=\"h1 field field--name-field-titulo field--type-string field--label-hidden field__item\">Gustavo Bombini (coord.)<\/strong><\/p>\n<p>Profesor y Doctor en Letras de la UBA. Profesor e Investigador en la Facultad de Filosof\u00eda y Letras de la UBA. Director del Profesorado Universitario en Letras y la Carrera de Especializaci\u00f3n en Literatura Infantil y Juvenil de la UNSAM.<\/p>\n<p><strong>Anna Lupori<\/strong><\/p>\n<p>Profesora en Ciencias de la Educaci\u00f3n (UniCen) especializada en entornos virtuales de aprendizaje (OEI, Centro de Altos Estudios universitarios, Virtual Educa). Coordinadora pedag\u00f3gica de las y los bibliotecarios de los CIIE de la provincia de Buenos Aires.<\/p>\n<p><strong>Paula T\u00e1rtara<\/strong><\/p>\n<p>Prof. en Lengua y Literatura y Bibliotec\u00f3loga. Se desempe\u00f1a como docente de Pr\u00e1cticas del Lenguaje y Literatura\u00a0 y bibliotecaria en los niveles secundario y superior. Diplomada en Bibliotecolog\u00eda Social por la UBA. Coordinadora pedag\u00f3gica de las y los bibliotecarios de los ISFD de la provincia de Buenos Aires.<\/p>\n<p><strong>Liza Battistuzzi<\/strong><\/p>\n<p>Profesora en Letras, egresada de la Facultad de Humanidades y Ciencias de la Educaci\u00f3n de la Universidad Nacional de La Plata, con orientaci\u00f3n en Did\u00e1ctica de la Lengua y la Literatura (en curso). Se desempe\u00f1\u00f3 como consultora para el PROMER (Proyecto de mejoramiento de las Escuelas Rurales) en el marco del Plan Nacional de Lectura del Ministerio de Educaci\u00f3n, Ciencia y Tecnolog\u00eda de la Naci\u00f3n.<\/p>\n<p><strong>Fabi\u00e1n Ledesma<\/strong><\/p>\n<p>Bibliotecario Profesional. Coordinador del Equipo de catalogaci\u00f3n y digitalizaci\u00f3n de la UNSAM en la Biblioteca y Centro de Documentaci\u00f3n La Nube, Infancia y Cultura. Consultor TIC, Documentalista y Productor Gr\u00e1fico en la Coordinaci\u00f3n de Materiales Educativos del Ministerio de Educaci\u00f3n de la Naci\u00f3n.<\/p>\n<\/div>\n<\/div>\n<\/div>\n<\/div>\n<\/div>\n<\/div>\n","protected":false},"excerpt":{"rendered":"<p>Biblioteca: Proyecto Integrado Volver \u0399 Aula INFoD I Planes de Estudios \u0399 Programas de Asignaturas I Dise\u00f1os Curriculares I \u201cBibliotecas Pedag\u00f3gicas\u201d Para Institutos de Formaci\u00f3n Docente y Centros de Capacitaci\u00f3n, Informaci\u00f3n e Investigaci\u00f3n Educativa (CIIE). El proyecto aborda diferentes ejes de la tarea: gesti\u00f3n de materiales y recursos en formatos papel y digital, estrategias de &#8230; <a title=\"BP Equipo\" class=\"read-more\" href=\"https:\/\/isfdyt25-bue.infd.edu.ar\/sitio\/bp-equipo\/\" aria-label=\"More on BP Equipo\">[+]<\/a><\/p>\n","protected":false},"author":2055,"featured_media":0,"parent":0,"menu_order":0,"comment_status":"closed","ping_status":"closed","template":"","meta":[],"acf":[],"_links":{"self":[{"href":"https:\/\/isfdyt25-bue.infd.edu.ar\/sitio\/wp-json\/wp\/v2\/pages\/3529"}],"collection":[{"href":"https:\/\/isfdyt25-bue.infd.edu.ar\/sitio\/wp-json\/wp\/v2\/pages"}],"about":[{"href":"https:\/\/isfdyt25-bue.infd.edu.ar\/sitio\/wp-json\/wp\/v2\/types\/page"}],"author":[{"embeddable":true,"href":"https:\/\/isfdyt25-bue.infd.edu.ar\/sitio\/wp-json\/wp\/v2\/users\/2055"}],"replies":[{"embeddable":true,"href":"https:\/\/isfdyt25-bue.infd.edu.ar\/sitio\/wp-json\/wp\/v2\/comments?post=3529"}],"version-history":[{"count":28,"href":"https:\/\/isfdyt25-bue.infd.edu.ar\/sitio\/wp-json\/wp\/v2\/pages\/3529\/revisions"}],"predecessor-version":[{"id":5320,"href":"https:\/\/isfdyt25-bue.infd.edu.ar\/sitio\/wp-json\/wp\/v2\/pages\/3529\/revisions\/5320"}],"wp:attachment":[{"href":"https:\/\/isfdyt25-bue.infd.edu.ar\/sitio\/wp-json\/wp\/v2\/media?parent=3529"}],"curies":[{"name":"wp","href":"https:\/\/api.w.org\/{rel}","templated":true}]}}