{"id":3513,"date":"2022-05-31T15:25:19","date_gmt":"2022-05-31T18:25:19","guid":{"rendered":"https:\/\/isfdyt25-bue.infd.edu.ar\/sitio\/?page_id=3513"},"modified":"2022-05-31T22:21:06","modified_gmt":"2022-06-01T01:21:06","slug":"bibliotecas-pedagogicas","status":"publish","type":"page","link":"https:\/\/isfdyt25-bue.infd.edu.ar\/sitio\/bibliotecas-pedagogicas\/","title":{"rendered":"Bibliotecas Pedag\u00f3gicas"},"content":{"rendered":"<h5><span style=\"color: #808080;\"><strong>Biblioteca<\/strong><\/span><strong><span style=\"color: #808080;\">:<\/span> Proyecto Integrado <br \/><\/strong><\/h5>\n<hr \/>\n<h6><a href=\"https:\/\/isfdyt25-bue.infd.edu.ar\/sitio\/biblioteca\/\">Volver<\/a> \u0399 <a href=\"https:\/\/isfdyt25-bue.infd.edu.ar\/aula\/index.cgi?id_curso=355\">Aula INFoD<\/a> I <a href=\"https:\/\/sites.google.com\/view\/isfdyt25-biblioteca\/p%C3%A1gina-principal\/planes-de-estudio?authuser=0\">Planes de Estudios<\/a> \u0399 <a href=\"https:\/\/sites.google.com\/view\/isfdyt25-biblioteca\/p%C3%A1gina-principal\/programas-de-asignaturas\">Programas de Asignaturas<\/a> I <a href=\"https:\/\/sites.google.com\/view\/isfdyt25-biblioteca\/p%C3%A1gina-principal\/dise%C3%B1os-curriculares?authuser=0\">Dise\u00f1os Curriculares<\/a> I<\/h6>\n<h4 class=\"h1 field field--name-field-titulo field--type-string field--label-hidden field__item\">\u201cBibliotecas Pedag\u00f3gicas\u201d<\/h4>\n<div class=\"field field--name-field-contenido field--type-entity-reference-revisions field--label-hidden field__items\">\n<div class=\"field__item\">\n<div class=\"paragraph paragraph--type--segundo-titulo-secundario paragraph--view-mode--default\">\n<p><strong>Para Institutos de Formaci\u00f3n Docente y Centros de Capacitaci\u00f3n, Informaci\u00f3n e Investigaci\u00f3n Educativa (CIIE).<\/strong><\/p>\n<\/div>\n<\/div>\n<div class=\"field__item\">\n<div class=\"paragraph paragraph--type--cuerpo-de-texto paragraph--view-mode--default\">\n<div class=\"clearfix text-formatted field field--name-field-cuerpo-de-texto field--type-text-long field--label-hidden field__item\">\n<p>El proyecto aborda diferentes ejes de la tarea: gesti\u00f3n de materiales y recursos en formatos papel y digital, estrategias de mediaci\u00f3n de lectura (conferencias, encuentros, talleres, ateneos, mesas de trabajo), articulaci\u00f3n con otra instituciones (ministerios y otros organismos gubernamentales y de investigaci\u00f3n, museos, editoriales universitarias, etc,), trabajo cooperativo en red con bibliotecas populares y comunitarias.<\/p>\n<\/div>\n<\/div>\n<\/div>\n<\/div>\n<p><strong>Objetivos\u00a0 I\u00a0 <a href=\"https:\/\/isfdyt25-bue.infd.edu.ar\/sitio\/bp-equipo\/\">Equipo<\/a> I\u00a0 <a href=\"https:\/\/isfdyt25-bue.infd.edu.ar\/sitio\/bp-conversatorio\/\">Conversatorio<\/a><\/strong><\/p>\n<div class=\"field field--name-field-contenido field--type-entity-reference-revisions field--label-hidden field__items\">\n<div class=\"field__item\">\n<div class=\"paragraph paragraph--type--cuerpo-de-texto paragraph--view-mode--default\">\n<div class=\"clearfix text-formatted field field--name-field-cuerpo-de-texto field--type-text-long field--label-hidden field__item\">\n<p>&nbsp;<\/p>\n<ol>\n<li>La articulaci\u00f3n y el trabajo integrado entre los Centros de Capacitaci\u00f3n, Informaci\u00f3n e Investigaci\u00f3n Educativa (CIIE) y los Institutos de Formaci\u00f3n Docente del mismo distrito o regi\u00f3n.<\/li>\n<li>La formaci\u00f3n docente como contenido transversal y en di\u00e1logo con las l\u00edneas de Formaci\u00f3n Inicial Docente y la Formaci\u00f3n Permanente.<\/li>\n<li>Registro, documentaci\u00f3n y producci\u00f3n de conocimiento acerca de las\u00a0 pr\u00e1cticas bibliotecarias.<\/li>\n<li>El fortalecimiento de los perfiles de docentes\/bibliotecarios y\u00a0 bibliotecarias, y de docentes\/estudiantes usuarios y usuarias como sujetos pol\u00edticos y sociales.<\/li>\n<li>La gesti\u00f3n y articulaci\u00f3n con otras \u00e1reas de la Direcci\u00f3n General de Cultura y Educaci\u00f3n de la provincia, con espacios de formaci\u00f3n del nivel superior universitario y otros organismos.<\/li>\n<\/ol>\n<p>&nbsp;<\/p>\n<\/div>\n<\/div>\n<\/div>\n<\/div>\n","protected":false},"excerpt":{"rendered":"<p>Biblioteca: Proyecto Integrado Volver \u0399 Aula INFoD I Planes de Estudios \u0399 Programas de Asignaturas I Dise\u00f1os Curriculares I \u201cBibliotecas Pedag\u00f3gicas\u201d Para Institutos de Formaci\u00f3n Docente y Centros de Capacitaci\u00f3n, Informaci\u00f3n e Investigaci\u00f3n Educativa (CIIE). El proyecto aborda diferentes ejes de la tarea: gesti\u00f3n de materiales y recursos en formatos papel y digital, estrategias de &#8230; <a title=\"Bibliotecas Pedag\u00f3gicas\" class=\"read-more\" href=\"https:\/\/isfdyt25-bue.infd.edu.ar\/sitio\/bibliotecas-pedagogicas\/\" aria-label=\"More on Bibliotecas Pedag\u00f3gicas\">[+]<\/a><\/p>\n","protected":false},"author":2055,"featured_media":0,"parent":0,"menu_order":0,"comment_status":"closed","ping_status":"closed","template":"","meta":[],"acf":[],"_links":{"self":[{"href":"https:\/\/isfdyt25-bue.infd.edu.ar\/sitio\/wp-json\/wp\/v2\/pages\/3513"}],"collection":[{"href":"https:\/\/isfdyt25-bue.infd.edu.ar\/sitio\/wp-json\/wp\/v2\/pages"}],"about":[{"href":"https:\/\/isfdyt25-bue.infd.edu.ar\/sitio\/wp-json\/wp\/v2\/types\/page"}],"author":[{"embeddable":true,"href":"https:\/\/isfdyt25-bue.infd.edu.ar\/sitio\/wp-json\/wp\/v2\/users\/2055"}],"replies":[{"embeddable":true,"href":"https:\/\/isfdyt25-bue.infd.edu.ar\/sitio\/wp-json\/wp\/v2\/comments?post=3513"}],"version-history":[{"count":34,"href":"https:\/\/isfdyt25-bue.infd.edu.ar\/sitio\/wp-json\/wp\/v2\/pages\/3513\/revisions"}],"predecessor-version":[{"id":3651,"href":"https:\/\/isfdyt25-bue.infd.edu.ar\/sitio\/wp-json\/wp\/v2\/pages\/3513\/revisions\/3651"}],"wp:attachment":[{"href":"https:\/\/isfdyt25-bue.infd.edu.ar\/sitio\/wp-json\/wp\/v2\/media?parent=3513"}],"curies":[{"name":"wp","href":"https:\/\/api.w.org\/{rel}","templated":true}]}}